{"id":711,"date":"2025-02-21T10:27:09","date_gmt":"2025-02-21T09:27:09","guid":{"rendered":"https:\/\/berguedatelecom.net\/?page_id=711"},"modified":"2026-07-13T18:41:54","modified_gmt":"2026-07-13T16:41:54","slug":"politica-de-privacidad","status":"publish","type":"page","link":"https:\/\/berguedatelecom.net\/es\/politica-de-privacidad\/","title":{"rendered":"Pol\u00edtica de privacidad"},"content":{"rendered":"[vc_row type=\u00bbin_container\u00bb full_screen_row_position=\u00bbmiddle\u00bb column_margin=\u00bbdefault\u00bb column_direction=\u00bbdefault\u00bb column_direction_tablet=\u00bbdefault\u00bb column_direction_phone=\u00bbdefault\u00bb scene_position=\u00bbcenter\u00bb text_color=\u00bbdark\u00bb text_align=\u00bbleft\u00bb row_border_radius=\u00bbnone\u00bb row_border_radius_applies=\u00bbbg\u00bb overflow=\u00bbvisible\u00bb overlay_strength=\u00bb0.3&#8243; gradient_direction=\u00bbleft_to_right\u00bb shape_divider_position=\u00bbbottom\u00bb bg_image_animation=\u00bbnone\u00bb][vc_column column_padding=\u00bbno-extra-padding\u00bb column_padding_tablet=\u00bbinherit\u00bb column_padding_phone=\u00bbinherit\u00bb column_padding_position=\u00bball\u00bb column_element_direction_desktop=\u00bbdefault\u00bb column_element_spacing=\u00bbdefault\u00bb desktop_text_alignment=\u00bbdefault\u00bb tablet_text_alignment=\u00bbdefault\u00bb phone_text_alignment=\u00bbdefault\u00bb background_color_opacity=\u00bb1&#8243; background_hover_color_opacity=\u00bb1&#8243; column_backdrop_filter=\u00bbnone\u00bb column_shadow=\u00bbnone\u00bb column_border_radius=\u00bbnone\u00bb column_link_target=\u00bb_self\u00bb column_position=\u00bbdefault\u00bb gradient_direction=\u00bbleft_to_right\u00bb overlay_strength=\u00bb0.3&#8243; width=\u00bb1\/1&#8243; tablet_width_inherit=\u00bbdefault\u00bb animation_type=\u00bbdefault\u00bb bg_image_animation=\u00bbnone\u00bb border_type=\u00bbsimple\u00bb column_border_width=\u00bbnone\u00bb column_border_style=\u00bbsolid\u00bb][vc_column_text css=\u00bb\u00bb text_direction=\u00bbdefault\u00bb]\n<h3>\u00bfQui\u00e9n es el responsable del tratamiento de sus datos?<\/h3>\n<p><strong>Raz\u00f3n Social:<\/strong> FIBRA OPTICA CENTELLES, S. L<br \/>\n<strong>NIF:<\/strong> B66039058<br \/>\n<strong>Domicilio social:<\/strong> C\/ Mare de D\u00e9u del Socos 13, Local 1a &#8211; 08540 Centelles<br \/>\n<strong>Tel\u00e9fono:<\/strong> +34.93198830<br \/>\n<strong>Mail:<\/strong> <a href=\"mailto:hola@focentelles.net\" target=\"_blank\" rel=\"noopener\">hola@focentelles.net<\/a><br \/>\nPueden dirigirse de cualquier forma para comunicarse con nosotros.<br \/>\nNos reservamos el derecho a modificar o adaptar la presente Pol\u00edtica de Privacidad en cualquier momento. Le recomendamos revisarla, y si se ha registrado y accede a su cuenta o perfil, se le informar\u00e1 de las modificaciones.<br \/>\nSi es alguno de los siguientes colectivos, consulte la informaci\u00f3n:<\/p>\n<h3><strong>Contactos del Sitio Web o del correo electr\u00f3nico<\/strong><\/h3>\n<h3><strong>\u00bfQu\u00e9 datos recopilamos a trav\u00e9s del Sitio Web?<\/strong><\/h3>\n<p>Podemos tratar su IP, qu\u00e9 sistema operativo o navegador usa, e incluso la duraci\u00f3n de su visita, de manera an\u00f3nima. Si nos facilita datos en el formulario de contacto, lo identificaremos para poder contactarlo, en caso de que sea necesario.<\/p>\n<h3><strong>\u00bfCon qu\u00e9 finalidades trataremos sus datos personales?<\/strong><\/h3>\n<p>Contestar sus consultas, solicitudes o peticiones.<br \/>\nGestionar el servicio solicitado, contestar su solicitud, o tramitar su petici\u00f3n.<br \/>\nInformaci\u00f3n por medios electr\u00f3nicos, que versen sobre su solicitud.<br \/>\nInformaci\u00f3n comercial o de eventos por medios electr\u00f3nicos, siempre que haya autorizaci\u00f3n expresa.<br \/>\nRealizar an\u00e1lisis y mejoras en la Web, sobre nuestros productos y servicios, y mejorar nuestra estrategia comercial y la informaci\u00f3n que le damos.<\/p>\n<h3><strong>\u00bfCu\u00e1l es la legitimaci\u00f3n para el tratamiento de sus datos?<\/strong><\/h3>\n<p>La aceptaci\u00f3n y el consentimiento del interesado: En aquellos casos en los que para realizar una solicitud sea necesario rellenar un formulario y hacer un \u00abclic\u00bb en el bot\u00f3n de enviar, la realizaci\u00f3n de dicha acci\u00f3n implica necesariamente que ha sido informado y ha otorgado expresamente su consentimiento al contenido de la cl\u00e1usula anexada a dicho formulario o la aceptaci\u00f3n de la Pol\u00edtica de Privacidad.<br \/>\nTodos nuestros formularios cuentan con el s\u00edmbolo * en los datos obligatorios. Si no facilita esos campos, o no marca el checkbox de aceptaci\u00f3n de la Pol\u00edtica de Privacidad, no se permitir\u00e1 el env\u00edo de la informaci\u00f3n. Normalmente tiene la siguiente f\u00f3rmula: \u00ab\u25a1 Soy mayor de 14 a\u00f1os y he le\u00eddo y acepto la Pol\u00edtica de Privacidad.\u00bb<\/p>\n<h3><strong>Contactos del Newsletter<\/strong><\/h3>\n<h3><strong>\u00bfQu\u00e9 datos recopilamos a trav\u00e9s del Newsletter?<\/strong><\/h3>\n<p>En la Web puede suscribirse al Newsletter, si nos facilita una direcci\u00f3n de correo electr\u00f3nico, a la cual le remitiremos, o si en el formulario de contacto acepta el env\u00edo de novedades a trav\u00e9s de Newsletter.<br \/>\nAlmacenaremos \u00fanicamente su email en nuestra base de datos, y procederemos a enviarle correos peri\u00f3dicamente, hasta que solicite la baja, o dejemos de enviar correos.<br \/>\nEl Newsletter puede tener Web beacon, que nos confirma estad\u00edsticamente si lo ha abierto, a qu\u00e9 hora o cu\u00e1ntas veces. Nos sirve para estudiar los mejores horarios de env\u00edo y qu\u00e9 le interesa, pero no tendremos informaci\u00f3n personal de Usted, solo su correo electr\u00f3nico.<br \/>\nAdem\u00e1s, la aplicaci\u00f3n de mailing es de USA, y puede haber transferencia internacional de datos a servidores de este pa\u00eds, pero protegida por el Privacy Shield.<br \/>\nSiempre tendr\u00e1 la opci\u00f3n de darse de baja, en cualquier comunicaci\u00f3n.<\/p>\n<h3><strong>\u00bfCon qu\u00e9 finalidades trataremos sus datos personales?<\/strong><\/h3>\n<p>Gestionar el servicio solicitado.<br \/>\nInformaci\u00f3n por medios electr\u00f3nicos, que versen sobre su solicitud.<br \/>\nInformaci\u00f3n comercial o de eventos por medios electr\u00f3nicos, siempre que haya autorizaci\u00f3n expresa.<br \/>\nRealizar an\u00e1lisis y mejoras en el env\u00edo de mailing, para mejorar nuestra estrategia comercial.<\/p>\n<h3><strong>\u00bfCu\u00e1l es la legitimaci\u00f3n para el tratamiento de sus datos?<\/strong><\/h3>\n<p>La aceptaci\u00f3n y consentimiento del interesado: En aquellos casos en los que se suscriba es necesario aceptar un checkbox y clicar en el bot\u00f3n de enviar. Esto implica necesariamente que ha sido informado y que ha otorgado expresamente su consentimiento a la recepci\u00f3n del Newsletter.<br \/>\nSi no marca el checkbox de aceptaci\u00f3n de la Pol\u00edtica de Privacidad, no se permitir\u00e1 el env\u00edo de la informaci\u00f3n. Normalmente tiene la siguiente f\u00f3rmula: \u00ab\u25a1 Soy mayor de 14 y he le\u00eddo y acepto la Pol\u00edtica de Privacidad.\u00bb<br \/>\nSi ten\u00edamos su email antes de la entrada en vigor del reglamento, y acept\u00f3 el env\u00edo, seguiremos envi\u00e1ndole Newsletters en base a nuestra actividad leg\u00edtima, pero siempre le daremos la oportunidad de oponerse en cada una de las comunicaciones.<\/p>\n<h3><strong>Clientes<\/strong><\/h3>\n<h3><strong>\u00bfCon qu\u00e9 finalidades trataremos sus datos personales?<\/strong><\/h3>\n<p>Elaboraci\u00f3n del presupuesto y seguimiento del mismo mediante comunicaciones entre las dos partes.<br \/>\nPuesta a disposici\u00f3n de los servicios de telecomunicaciones contratados y mantenimiento de los mismos.<br \/>\nRealizaci\u00f3n de estudios an\u00f3nimos de los datos de consumo y otros de servicio para planificar el crecimiento de las infraestructuras de forma \u00f3ptima.<br \/>\nAtenci\u00f3n telef\u00f3nica al cliente.<br \/>\nInformaci\u00f3n por medios electr\u00f3nicos, que versen sobre su solicitud.<br \/>\nInformaci\u00f3n comercial o de eventos por medios electr\u00f3nicos, siempre que haya autorizaci\u00f3n expresa.<br \/>\nGestionar los servicios administrativos, de comunicaciones y de log\u00edstica realizados por el Responsable.<br \/>\nRealizar las transacciones que correspondan.<br \/>\nFacturaci\u00f3n y declaraci\u00f3n de los impuestos oportunos.<br \/>\nGestiones de control y recobro.<\/p>\n<h3><strong>\u00bfCu\u00e1l es la legitimaci\u00f3n para el tratamiento de sus datos?<\/strong><\/h3>\n<p>La base legal es su consentimiento en la aceptaci\u00f3n de un contrato.<\/p>\n<h3><strong>Proveedores<\/strong><\/h3>\n<h3><strong>\u00bfCon qu\u00e9 finalidades trataremos sus datos personales?<\/strong><\/h3>\n<p>Informaci\u00f3n por medios electr\u00f3nicos, que versen sobre su solicitud.<br \/>\nInformaci\u00f3n comercial o de eventos por medios electr\u00f3nicos, siempre que haya autorizaci\u00f3n expresa.<br \/>\nGestionar los servicios administrativos, de comunicaciones y de log\u00edstica realizados por el Responsable.<br \/>\nRealizar las transacciones que correspondan. Facturaci\u00f3n y declaraci\u00f3n de los impuestos oportunos. Gestiones de control y recobro.<\/p>\n<h3><strong>\u00bfCu\u00e1l es la legitimaci\u00f3n para el tratamiento de sus datos?<\/strong><\/h3>\n<p>La base legal es la aceptaci\u00f3n de una relaci\u00f3n contractual, o, alternativamente, su consentimiento al contactar con nosotros u ofrecernos sus productos por alguna v\u00eda.<\/p>\n<h3><strong>Socios<\/strong><\/h3>\n<h3><strong>\u00bfCon qu\u00e9 finalidades trataremos sus datos personales?<\/strong><\/h3>\n<p>Organizaci\u00f3n de las actuaciones necesarias para la consecuci\u00f3n de los fines de la sociedad.<br \/>\nGesti\u00f3n interna y cumplimiento legal de la misma.<br \/>\nConvocatoria de juntas.<br \/>\nRealizar las transacciones que correspondan.<br \/>\nDeclaraci\u00f3n de los impuestos oportunos.<\/p>\n<h3><strong>\u00bfCu\u00e1l es la legitimaci\u00f3n para el tratamiento de sus datos?<\/strong><\/h3>\n<p>La base legal es contractual, la aceptaci\u00f3n de un contrato bien de compraventa de acciones o similar, o bien la participaci\u00f3n en la constituci\u00f3n de la sociedad.<\/p>\n<h3><strong>Contactos redes sociales<\/strong><\/h3>\n<h3><strong>\u00bfCon qu\u00e9 finalidades trataremos sus datos personales?<\/strong><\/h3>\n<p>Contestar sus consultas, solicitudes o peticiones.<br \/>\nGestionar el servicio solicitado, contestar su solicitud, o tramitar su petici\u00f3n.<br \/>\nRelacionarnos con Usted y crear una comunidad de seguidores.<\/p>\n<h3><strong>\u00bfCu\u00e1l es la legitimaci\u00f3n para el tratamiento de sus datos?<\/strong><\/h3>\n<p>La aceptaci\u00f3n de una relaci\u00f3n contractual en el entorno de la red social que corresponda, y de acuerdo con sus pol\u00edticas de privacidad:<br \/>\nFacebook <a href=\"http:\/\/www.facebook.com\/policy.php?ref=pf\" target=\"_blank\" rel=\"noopener\">http:\/\/www.facebook.com\/policy.php?ref=pf<\/a><br \/>\nInstagram <a href=\"https:\/\/help.instagram.com\/155833707900388\" target=\"_blank\" rel=\"noopener\">https:\/\/help.instagram.com\/155833707900388<\/a><br \/>\nTwitter <a href=\"http:\/\/twitter.com\/privacy\" target=\"_blank\" rel=\"noopener\">http:\/\/twitter.com\/privacy<\/a><br \/>\nLinkedin <a href=\"http:\/\/www.linkedin.com\/legal\/privacy-policy?trk=hb_ft_priv\" target=\"_blank\" rel=\"noopener\">http:\/\/www.linkedin.com\/legal\/privacy-policy?trk=hb_ft_priv<\/a><br \/>\nPinterest <a href=\"https:\/\/about.pinterest.com\/es\/privacy-policy\" target=\"_blank\" rel=\"noopener\">https:\/\/about.pinterest.com\/es\/privacy-policy<\/a><br \/>\nGoogle <a href=\"http:\/\/www.google.com\/intl\/es\/policies\/privacy\/\" target=\"_blank\" rel=\"noopener\">http:\/\/www.google.com\/intl\/es\/policies\/privacy\/<\/a> (Google+ y Youtube)<\/p>\n<h3><strong>\u00bfDurante cu\u00e1nto tiempo mantendremos los datos personales?<\/strong><\/h3>\n<p>Solo podemos consultar o dar de baja sus datos de forma restringida al tener un perfil espec\u00edfico. Los trataremos tanto tiempo como Usted nos deje sigui\u00e9ndonos, siendo amigos o d\u00e1ndole a \u00abme gusta\u00bb, \u00abseguir\u00bb o botones similares.<br \/>\nCualquier rectificaci\u00f3n de sus datos o restricci\u00f3n de informaci\u00f3n o de publicaciones debe realizarla a trav\u00e9s de la configuraci\u00f3n de su perfil o usuario en la propia red social.<\/p>\n<h3><strong>Videovigilancia<\/strong><\/h3>\n<h3><strong>\u00bfCon qu\u00e9 finalidades trataremos sus datos personales?<\/strong><\/h3>\n<p>Videovigilancia de nuestras instalaciones.<br \/>\nControl de nuestros empleados.<br \/>\nA veces se pueden ceder a los juzgados y tribunales para el ejercicio de acciones leg\u00edtimas.<\/p>\n<h3><strong>\u00bfCu\u00e1l es la legitimaci\u00f3n para el tratamiento de sus datos?<\/strong><\/h3>\n<p>El consentimiento inequ\u00edvoco del interesado al acceder a nuestras instalaciones tras visualizar el cartel informativo de la zona videovigilada.<\/p>\n<h3><strong>Demandantes de empleo<\/strong><\/h3>\n<h3><strong>\u00bfCon qu\u00e9 finalidades trataremos sus datos personales?<\/strong><\/h3>\n<p>Organizaci\u00f3n de procesos de selecci\u00f3n para la contrataci\u00f3n de empleados.<br \/>\nCitarlo para entrevistas de trabajo y evaluar su candidatura.<br \/>\nSi nos ha dado su consentimiento, podremos mantener su CV para nuevas convocatorias de empleo.<br \/>\nSi nos ha dado su consentimiento, los podremos ceder a empresas colaboradoras o afines, con el \u00fanico objetivo de ayudarlo a encontrar trabajo.<\/p>\n<h3><strong>\u00bfCu\u00e1l es la legitimaci\u00f3n para el tratamiento de sus datos?<\/strong><\/h3>\n<p>La base legal es su consentimiento inequ\u00edvoco, al entregarnos su CV y recibir y firmar informaci\u00f3n relativa a los tratamientos que haremos.<\/p>\n<h3><strong>\u00bfIncluimos datos personales de terceras personas?<\/strong><\/h3>\n<p>No, como norma general solo tratamos los datos que nos facilitan los titulares. Si Usted nos aporta datos de terceros, deber\u00e1, con car\u00e1cter previo, informar y solicitar su consentimiento a esas personas, o en caso contrario nos exime de cualquier responsabilidad por el incumplimiento de este requisito.<\/p>\n<h3><strong>\u00bfY datos de menores?<\/strong><\/h3>\n<p>No tratamos datos de menores de 14 a\u00f1os, por lo tanto, abst\u00e9ngase de facilitarlos si no tiene esa edad.<\/p>\n<h3><strong>\u00bfHaremos comunicaciones por medios electr\u00f3nicos?<\/strong><\/h3>\n<p>Solo se realizar\u00e1n para gestionar su solicitud, si es uno de los medios de contacto que nos ha facilitado.<br \/>\nSi hacemos comunicaciones comerciales habr\u00e1n sido previa y expresamente autorizadas por Usted.<\/p>\n<h3><strong>\u00bfQu\u00e9 medidas de seguridad aplicamos?<\/strong><\/h3>\n<p>Puede estar tranquilo: Hemos adoptado un nivel \u00f3ptimo de protecci\u00f3n de los Datos Personales que usamos, y hemos instalado todos los medios y medidas t\u00e9cnicas a nuestro alcance seg\u00fan el estado de la tecnolog\u00eda para evitar la p\u00e9rdida, mal uso, alteraci\u00f3n, acceso no autorizado y robo de los Datos Personales.<\/p>\n<h3><strong>\u00bfA qu\u00e9 destinatarios se comunicar\u00e1n sus datos?<\/strong><\/h3>\n<p>Sus datos no se ceder\u00e1n a terceros, salvo por obligaci\u00f3n legal. En concreto, se deben comunicar a la Agencia Estatal de la Administraci\u00f3n Tributaria y a bancos y entidades financieras para el cobro del servicio prestado o producto adquirido. Tambi\u00e9n a los encargados del tratamiento necesarios para la ejecuci\u00f3n del acuerdo.<br \/>\nEn caso de compra o pago, si elige alguna aplicaci\u00f3n, Web, plataforma, tarjeta bancaria, o alg\u00fan otro servicio online, sus datos se ceder\u00e1n a esa plataforma o se tratar\u00e1n en su entorno, siempre con la m\u00e1xima seguridad.<br \/>\nCualquier transferencia internacional de datos al usar aplicaciones americanas, estar\u00e1 adherida al convenio Privacy Shield, que garantiza que las empresas de software americano cumplen las pol\u00edticas de protecci\u00f3n de datos europeas en materia de privacidad.<\/p>\n<h3><strong>\u00bfQu\u00e9 Derechos tiene?<\/strong><\/h3>\n<p>A saber si estamos tratando sus datos o no.<br \/>\nA acceder a sus datos personales.<br \/>\nA solicitar la rectificaci\u00f3n de sus datos si son inexactos.<br \/>\nA solicitar la supresi\u00f3n de sus datos si ya no son necesarios para las finalidades para las que fueron recogidos o si nos retira el consentimiento otorgado.<br \/>\nA solicitar la limitaci\u00f3n del tratamiento de sus datos, en algunos supuestos, en cuyo caso solo los conservaremos de acuerdo con la normativa vigente.<br \/>\nA portar sus datos, que le ser\u00e1n facilitados en un formato estructurado, de uso com\u00fan o lectura mec\u00e1nica. Si lo prefiere, se los podemos enviar al nuevo responsable que nos designe. Solo es v\u00e1lido en determinados supuestos.<br \/>\nA presentar una reclamaci\u00f3n ante la Agencia Espa\u00f1ola de Protecci\u00f3n de Datos, si cree que no le hemos atendido correctamente.<br \/>\nA revocar el consentimiento para cualquier tratamiento para el que haya consentido, en cualquier momento.<br \/>\nSi modifica alg\u00fan dato, le agradecemos que nos lo comunique para mantenerlos actualizados.<\/p>\n<h3><strong>\u00bfQuiere un formulario para el ejercicio de Derechos?<\/strong><\/h3>\n<p>Tenemos formularios para el ejercicio de sus derechos, p\u00eddalos por email o si lo prefiere, puede usar los elaborados por la Agencia Espa\u00f1ola de Protecci\u00f3n de Datos o terceros.<br \/>\nEstos formularios deben ir firmados electr\u00f3nicamente o ir acompa\u00f1ados de fotocopia del DNI.<br \/>\nSi le representa alguien, debe adjuntarnos copia de su DNI, o que lo firme con su firma electr\u00f3nica.<br \/>\nLos formularios pueden ser presentados presencialmente, enviados por carta o por email a la direcci\u00f3n del Responsable que consta al inicio de este texto.<\/p>\n<h3><strong>\u00bfCu\u00e1nto tardamos en contestarle al Ejercicio de Derechos?<\/strong><\/h3>\n<p>Depende del derecho, pero como m\u00e1ximo en un mes desde su solicitud, y dos meses si el tema es muy complejo y le notificamos que necesitamos m\u00e1s tiempo.<\/p>\n<h3>\u00bfTratamos cookies?<\/h3>\n<p>Si usamos otro tipo de cookies que no sean las necesarias, podr\u00e1 consultar la pol\u00edtica de cookies en el enlace correspondiente desde el inicio de nuestra Web.<\/p>\n<h3><strong>\u00bfDurante cu\u00e1nto tiempo mantendremos sus datos personales?<\/strong><\/h3>\n<p>Los datos personales ser\u00e1n mantenidos mientras siga vinculado con nosotros.<br \/>\nUna vez se desvincule, los datos personales tratados en cada finalidad se mantendr\u00e1n durante los plazos legalmente previstos, incluido el plazo en el que un juez o tribunal los pueda requerir atendiendo al plazo de prescripci\u00f3n de acciones judiciales.<br \/>\nLos datos tratados se mantendr\u00e1n hasta que no expiren los plazos legales aludidos anteriormente, si hubiera obligaci\u00f3n legal de mantenimiento, o de no existir ese plazo legal, hasta que el interesado solicite su supresi\u00f3n o revoque el consentimiento otorgado.<br \/>\nMantendremos toda la informaci\u00f3n y comunicaciones relativas a la prestaci\u00f3n de nuestro servicio, mientras duren las garant\u00edas de los servicios, para atender posibles reclamaciones.<br \/>\nEn cada tratamiento o tipolog\u00eda de datos, le facilitamos un periodo espec\u00edfico, que puede consultar en la siguiente tabla:<\/p>\n<table>\n<thead>\n<tr>\n<td><strong>fichero<\/strong><\/td>\n<td><strong>documento<\/strong><\/td>\n<td><strong>conservaci\u00f3n<\/strong><\/td>\n<\/tr>\n<\/thead>\n<tbody>\n<tr>\n<td rowspan=\"3\">clientes<\/td>\n<td>facturas<\/td>\n<td>10 a\u00f1os<\/td>\n<\/tr>\n<tr>\n<td>Formularios y cupones<\/td>\n<td>15 a\u00f1os<\/td>\n<\/tr>\n<tr>\n<td>Contratos<\/td>\n<td>5 a\u00f1os<\/td>\n<\/tr>\n<tr>\n<td rowspan=\"4\">recursos Humanos<\/td>\n<td>N\u00f3minas, TC1, TC2, etc.<\/td>\n<td>10 a\u00f1os<\/td>\n<\/tr>\n<tr>\n<td>Curr\u00edculums<\/td>\n<td>Hasta el fin del proceso de selecci\u00f3n, y 1 a\u00f1o m\u00e1s con su consentimiento<\/td>\n<\/tr>\n<tr>\n<td>Documentos de indemnizaciones por despido. Contratos. Datos de trabajadores temporales.<\/td>\n<td>4 a\u00f1os<\/td>\n<\/tr>\n<tr>\n<td>Expediente del trabajador.<\/td>\n<td>Hasta 5 a\u00f1os despu\u00e9s de la baja.<\/td>\n<\/tr>\n<tr>\n<td>marketing<\/td>\n<td>Bases de datos o visitantes de la Web.<\/td>\n<td>Mientras dure el tratamiento.<\/td>\n<\/tr>\n<tr>\n<td rowspan=\"2\">proveedores<\/td>\n<td>facturas<\/td>\n<td>10 a\u00f1os<\/td>\n<\/tr>\n<tr>\n<td>Contratos<\/td>\n<td>5 a\u00f1os<\/td>\n<\/tr>\n<tr>\n<td rowspan=\"2\">Control de acceso y videovigilancia<\/td>\n<td>Lista de los clientes<\/td>\n<td>30 d\u00edas<\/td>\n<\/tr>\n<tr>\n<td>v\u00eddeos<\/td>\n<td>30 d\u00edas bloqueo \/ 3 a\u00f1os destrucci\u00f3n<\/td>\n<\/tr>\n<tr>\n<td>Contabilidad<\/td>\n<td>Libros y Documentos contables. Acuerdos socios y consejos de administraci\u00f3n, estatutos de la sociedad, actas, reglamento consejo de administraci\u00f3n y comisiones delegadas. Estados financieros, informes de auditor\u00eda. Registros y documentos relacionados con subvenciones.<\/td>\n<td>6 a\u00f1os<\/td>\n<\/tr>\n<tr>\n<td rowspan=\"2\">Fiscal<\/td>\n<td>Gesti\u00f3n de la administraci\u00f3n de la empresa, derechos y obligaciones relativos al pago de impuestos. Administraci\u00f3n de pagos de dividendos y retenciones fiscales.<\/td>\n<td>10 a\u00f1os<\/td>\n<\/tr>\n<tr>\n<td>Informaci\u00f3n sobre los establecimientos de precio intragrupo<\/td>\n<td>18 a\u00f1os \/ 8 a\u00f1os para transacciones intragrupo para los acuerdos de precios<\/td>\n<\/tr>\n<tr>\n<td>Seguridad y Salud<\/td>\n<td>Registros M\u00e9dicos de Trabajadores<\/td>\n<td>5 a\u00f1os<\/td>\n<\/tr>\n<tr>\n<td rowspan=\"5\">Medio Ambiente<\/td>\n<td>Informaci\u00f3n sustancias qu\u00edmicas o sustancialmente peligrosas<\/td>\n<td>10 a\u00f1os<\/td>\n<\/tr>\n<tr>\n<td>Documentos relativos a permisos medioambientales mientras se lleve a cabo la actividad.<\/td>\n<td>3 a\u00f1os despu\u00e9s del cierre de la actividad \/ 10 a\u00f1os (prescripci\u00f3n delito)<\/td>\n<\/tr>\n<tr>\n<td>Registros sobre reciclaje o la eliminaci\u00f3n de residuos<\/td>\n<td>3 a\u00f1os<\/td>\n<\/tr>\n<tr>\n<td>Subvenciones para operaciones de limpieza: documentos de derechos y obligaciones, recibos y pagos.<\/td>\n<td>4 a\u00f1os<\/td>\n<\/tr>\n<tr>\n<td>Informes sobre accidentes<\/td>\n<td>5 a\u00f1os<\/td>\n<\/tr>\n<tr>\n<td>Seguros<\/td>\n<td>P\u00f3lizas de seguros<\/td>\n<td>6 a\u00f1os (regla general) \/ 2 a\u00f1os (da\u00f1os) \/ 5 a\u00f1os (personales) \/ 10 a\u00f1os (vida)<\/td>\n<\/tr>\n<tr>\n<td>compras<\/td>\n<td>Registro de todas las entregas de bienes o prestaci\u00f3n de servicios, adquisiciones intracomunitarias, importaciones y exportaciones a efectos de IVA.<\/td>\n<td>5 a\u00f1os<\/td>\n<\/tr>\n<tr>\n<td rowspan=\"3\">Jur\u00eddico<\/td>\n<td>Documentos Propiedad Intelectual e Industrial. Contratos y acuerdos.<\/td>\n<td>5 a\u00f1os<\/td>\n<\/tr>\n<tr>\n<td>Permisos, licencias, certificados<\/td>\n<td>6 a\u00f1os desde la fecha de expiraci\u00f3n del permiso, licencia o certificado \/ 10 a\u00f1os (prescripci\u00f3n penal)<\/td>\n<\/tr>\n<tr>\n<td>Acuerdos de confidencialidad y de no competencia<\/td>\n<td>Siempre el plazo de duraci\u00f3n de la obligaci\u00f3n o de la confidencialidad<\/td>\n<\/tr>\n<tr>\n<td rowspan=\"2\">LOPD<\/td>\n<td>Tratamiento de datos personales, si es diferente del tratamiento notificado a la AEPD<\/td>\n<td>3 a\u00f1os<\/td>\n<\/tr>\n<tr>\n<td>Datos personales de empleados almacenados en las redes, ordenadores y equipos de comunicaciones utilizados por estos, controles de acceso y sistemas de gesti\u00f3n \/ administraci\u00f3n internos<\/td>\n<td>5 a\u00f1os<\/td>\n<\/tr>\n<tr>\n<td>Datos de tr\u00e1fico<\/td>\n<td>Ley 25\/2007, de 18 de octubre, sobre conservaci\u00f3n de datos relativos a las comunicaciones electr\u00f3nicas y a las redes p\u00fablicas de comunicaciones.<\/td>\n<td>De 6 meses a dos a\u00f1os.<\/td>\n<\/tr>\n<\/tbody>\n<\/table>\n[\/vc_column_text][\/vc_column][\/vc_row]\n","protected":false},"excerpt":{"rendered":"<p>[vc_row type=\u00bbin_container\u00bb full_screen_row_position=\u00bbmiddle\u00bb column_margin=\u00bbdefault\u00bb column_direction=\u00bbdefault\u00bb column_direction_tablet=\u00bbdefault\u00bb column_direction_phone=\u00bbdefault\u00bb scene_position=\u00bbcenter\u00bb text_color=\u00bbdark\u00bb text_align=\u00bbleft\u00bb row_border_radius=\u00bbnone\u00bb row_border_radius_applies=\u00bbbg\u00bb overflow=\u00bbvisible\u00bb overlay_strength=\u00bb0.3&#8243; gradient_direction=\u00bbleft_to_right\u00bb shape_divider_position=\u00bbbottom\u00bb bg_image_animation=\u00bbnone\u00bb][vc_column column_padding=\u00bbno-extra-padding\u00bb column_padding_tablet=\u00bbinherit\u00bb column_padding_phone=\u00bbinherit\u00bb column_padding_position=\u00bball\u00bb column_element_direction_desktop=\u00bbdefault\u00bb column_element_spacing=\u00bbdefault\u00bb desktop_text_alignment=\u00bbdefault\u00bb tablet_text_alignment=\u00bbdefault\u00bb phone_text_alignment=\u00bbdefault\u00bb background_color_opacity=\u00bb1&#8243; background_hover_color_opacity=\u00bb1&#8243; column_backdrop_filter=\u00bbnone\u00bb column_shadow=\u00bbnone\u00bb&#8230;<\/p>\n","protected":false},"author":1,"featured_media":0,"parent":0,"menu_order":0,"comment_status":"closed","ping_status":"closed","template":"","meta":{"footnotes":""},"class_list":["post-711","page","type-page","status-publish"],"_links":{"self":[{"href":"https:\/\/berguedatelecom.net\/es\/wp-json\/wp\/v2\/pages\/711","targetHints":{"allow":["GET"]}}],"collection":[{"href":"https:\/\/berguedatelecom.net\/es\/wp-json\/wp\/v2\/pages"}],"about":[{"href":"https:\/\/berguedatelecom.net\/es\/wp-json\/wp\/v2\/types\/page"}],"author":[{"embeddable":true,"href":"https:\/\/berguedatelecom.net\/es\/wp-json\/wp\/v2\/users\/1"}],"replies":[{"embeddable":true,"href":"https:\/\/berguedatelecom.net\/es\/wp-json\/wp\/v2\/comments?post=711"}],"version-history":[{"count":3,"href":"https:\/\/berguedatelecom.net\/es\/wp-json\/wp\/v2\/pages\/711\/revisions"}],"predecessor-version":[{"id":720,"href":"https:\/\/berguedatelecom.net\/es\/wp-json\/wp\/v2\/pages\/711\/revisions\/720"}],"wp:attachment":[{"href":"https:\/\/berguedatelecom.net\/es\/wp-json\/wp\/v2\/media?parent=711"}],"curies":[{"name":"wp","href":"https:\/\/api.w.org\/{rel}","templated":true}]}}